{"id":1846,"date":"2025-06-12T16:23:46","date_gmt":"2025-06-12T14:23:46","guid":{"rendered":"https:\/\/wogenextreme.eu\/valixhe\/"},"modified":"2025-07-27T13:22:37","modified_gmt":"2025-07-27T11:22:37","slug":"valixhe","status":"publish","type":"page","link":"https:\/\/wogenextreme.eu\/sq\/valixhe\/","title":{"rendered":"Valixhe"},"content":{"rendered":"\n<h2>\n\t\t\tAdvantages of Wogen Extreme top cases\t<\/h2>\n\t<ul>\n<li><strong>Universal mounting on most racks on motorcycles of various brands and types.<\/strong><\/li>\n<li><strong>Waterproof, strong reflector, original look, lockable with key.<\/strong><\/li>\n<li><strong>Possibility to buy another mounting kit for a small amount of money for another motorcycle and swap the top case.<\/strong><\/li>\n<li><strong>Easy installation and removal<\/strong><\/li>\n<\/ul>\n<h3>\n\t\t\tVideos\t<\/h3>\n\t\t\t\t\t\t\t\t\t\t<a href=\"#\" id=\"fl-accordion--icon-0\"  tabindex=\"0\"><i>Expand<\/i><\/a>\n\t\t\t\t\t<a href=\"#\"  id=\"fl-accordion--label-0\" tabindex=\"0\" aria-controls=\"fl-accordion--panel-0\">Topcase &#8211; 41 liter, 52 liter video presentation<\/a>\n\t\t\t\t\t<p><iframe title=\"Wogen 41 52L Tan\u0131t\u0131m\" width=\"720\" height=\"405\" src=\"https:\/\/www.youtube.com\/embed\/ObdbZDF6ns0?start=1&#038;feature=oembed\" frameborder=\"0\" allow=\"accelerometer; autoplay; clipboard-write; encrypted-media; gyroscope; picture-in-picture; web-share\" referrerpolicy=\"strict-origin-when-cross-origin\" allowfullscreen><\/iframe><\/p>\n\t\t\t\t\t\t\t\t\t\t<a href=\"#\" id=\"fl-accordion--icon-1\"  tabindex=\"0\"><i>Expand<\/i><\/a>\n\t\t\t\t\t<a href=\"#\"  id=\"fl-accordion--label-1\" tabindex=\"0\" aria-controls=\"fl-accordion--panel-1\">Assembly video instructions<\/a>\n\t\t\t\t\t<p><iframe title=\"Wogen 41L \/ 52L Montaj\" width=\"720\" height=\"405\" src=\"https:\/\/www.youtube.com\/embed\/PT0XUg-areA?feature=oembed\" frameborder=\"0\" allow=\"accelerometer; autoplay; clipboard-write; encrypted-media; gyroscope; picture-in-picture; web-share\" referrerpolicy=\"strict-origin-when-cross-origin\" allowfullscreen><\/iframe><\/p>\n<h3>\n\t\t\tDescription\t<\/h3>\n\t<p><strong>Wogen Extreme<\/strong> top cases are divided into two categories<\/p>\n<ul>\n<li>STANDARD<\/li>\n<li>PREMIUM<\/li>\n<\/ul>\n\t<h3>Wogen Extreme <strong>standard<\/strong> offers<\/h3>\n\u2705 Materials: Standard aluminum or durable plastic<br \/>\n\u2705 Security: Basic locking mechanism<br \/>\n\u2705 Design: Simpler design with an emphasis on functionality<br \/>\n\u2705 Durability: Protection against water and dust, but lower resistance to extreme conditions<br \/>\n\u2705 Suitable for: Everyday use, shorter trips, recreational riding\nWhat <strong>standard<\/strong> doesn&#8217;t have:<br \/>\n\u274c No backrest (optional)\n\t<h3>Wogen Extreme <strong>premium<\/strong> offers<\/h3>\n\ud83d\udd25 Materials: High-quality aluminum or reinforced plastic with a more durable surface finish<br \/>\n\ud83d\udd25 Security: Advanced locks with higher protection against theft<br \/>\n\ud83d\udd25 Design: More modern and sophisticated look with more detailed processing<br \/>\n\ud83d\udd25 Durability: Better protection against water, dust and impacts, ideal for long expeditions<br \/>\n\ud83d\udd25 Extra features: Possibility of internal padding, expanded storage options, reinforced hinges and handles<br \/>\n\ud83d\udd25 Suitable for: Long-distance travel, demanding terrain, adventure riders<br \/>\n\ud83d\udd25 Has a backrest\n\n<!-- wpsso rrssb get buttons: buttons on archive option not enabled -->\n","protected":false},"excerpt":{"rendered":"<p>Advantages of Wogen Extreme top cases Universal mounting on most racks on motorcycles of various brands and types. Waterproof, strong reflector, original look, lockable with key. Possibility to buy another mounting kit for a small amount of money for another motorcycle and swap the top case. Easy installation and removal Videos Expand Topcase &#8211; 41&#8230;<\/p>\n","protected":false},"author":1,"featured_media":1220,"parent":0,"menu_order":0,"comment_status":"closed","ping_status":"closed","template":"","meta":{"_kadence_starter_templates_imported_post":false,"_kad_post_transparent":"","_kad_post_title":"","_kad_post_layout":"","_kad_post_sidebar_id":"","_kad_post_content_style":"","_kad_post_vertical_padding":"","_kad_post_feature":"","_kad_post_feature_position":"","_kad_post_header":false,"_kad_post_footer":false,"_kad_post_classname":"","footnotes":""},"class_list":["post-1846","page","type-page","status-publish","has-post-thumbnail","hentry"],"yoast_head":"<!-- This site is optimized with the Yoast SEO plugin v27.5 - https:\/\/yoast.com\/product\/yoast-seo-wordpress\/ -->\n<title>Valixhe | Wogen Extreme - Europe<\/title>\n<meta name=\"description\" content=\"Valixhet Wogen Extreme kan\u00eb disa p\u00ebrpar\u00ebsi. Cil\u00ebsi e lart\u00eb, p\u00ebrdorim universal dhe \u00e7mim i ul\u00ebt. B\u00ebhuni tregtari yn\u00eb B2B n\u00eb Evrop\u00eb.\" \/>\n<meta name=\"robots\" content=\"index, follow, max-snippet:-1, max-image-preview:large, max-video-preview:-1\" \/>\n<link rel=\"canonical\" href=\"https:\/\/wogenextreme.eu\/sq\/valixhe\/\" \/>\n<script type=\"application\/ld+json\" class=\"yoast-schema-graph\">{\"@context\":\"https:\\\/\\\/schema.org\",\"@graph\":[]}<\/script>\n<!-- \/ Yoast SEO plugin. -->","yoast_head_json":{"title":"Valixhe | Wogen Extreme - Europe","description":"Valixhet Wogen Extreme kan\u00eb disa p\u00ebrpar\u00ebsi. Cil\u00ebsi e lart\u00eb, p\u00ebrdorim universal dhe \u00e7mim i ul\u00ebt. B\u00ebhuni tregtari yn\u00eb B2B n\u00eb Evrop\u00eb.","robots":{"index":"index","follow":"follow","max-snippet":"max-snippet:-1","max-image-preview":"max-image-preview:large","max-video-preview":"max-video-preview:-1"},"canonical":"https:\/\/wogenextreme.eu\/sq\/valixhe\/","schema":{"@context":"https:\/\/schema.org","@graph":[]}},"head":{"html":["<meta name=\"wpsso-begin\" content=\"wpsso structured data begin\"\/>\n","<!-- generator:1 --><meta name=\"generator\" content=\"WPSSO Core 21.13.3\/S\"\/>\n","<!-- generator:2 --><meta name=\"generator\" content=\"WPSSO AFS 2.2.0\/S\"\/>\n","<!-- generator:3 --><meta name=\"generator\" content=\"WPSSO RAR 3.3.0\/S\"\/>\n","<!-- generator:4 --><meta name=\"generator\" content=\"WPSSO REST 3.3.0\/S\"\/>\n","<!-- generator:5 --><meta name=\"generator\" content=\"WPSSO RRSSB 11.7.0\/S\"\/>\n","<!-- generator:6 --><meta name=\"generator\" content=\"WPSSO BC 5.5.0\/S\"\/>\n","<!-- generator:7 --><meta name=\"generator\" content=\"WPSSO FAQ 7.1.0\/S\"\/>\n","<!-- generator:8 --><meta name=\"generator\" content=\"WPSSO SSC 2.1.0\/S\"\/>\n","<!-- generator:9 --><meta name=\"generator\" content=\"WPSSO SSM 3.4.0\/S\"\/>\n","<!-- generator:10 --><meta name=\"generator\" content=\"WPSSO TIE 4.1.0\/S\"\/>\n","<!-- generator:11 --><meta name=\"generator\" content=\"WPSSO UM 7.3.0\/S\"\/>\n","<!-- generator:12 --><meta name=\"generator\" content=\"WPSSO UL 4.3.0\/S\"\/>\n","<!-- generator:13 --><meta name=\"generator\" content=\"WPSSO WPSM 8.4.0\/S\"\/>\n","<link rel=\"shortlink\" href=\"https:\/\/wogenextreme.eu\/sq\/?p=1846\"\/>\n","<meta property=\"fb:app_id\" content=\"966242223397117\"\/>\n","<meta property=\"og:type\" content=\"article\"\/>\n","<meta property=\"og:url\" content=\"https:\/\/wogenextreme.eu\/sq\/valixhe\/\"\/>\n","<meta property=\"og:locale\" content=\"sq_AL\"\/>\n","<meta property=\"og:site_name\" content=\"Wogen Extreme - Europe\"\/>\n","<meta property=\"og:title\" content=\"Valixhe  &ndash; Wogen Extreme - Europe\"\/>\n","<meta property=\"og:description\" content=\"Valixhet Wogen Extreme kan&euml; disa p&euml;rpar&euml;si. Cil&euml;si e lart&euml;, p&euml;rdorim universal dhe &ccedil;mim i ul&euml;t. B&euml;huni tregtari yn&euml; B2B n&euml; Evrop&euml;.\"\/>\n","<meta property=\"og:updated_time\" content=\"2025-07-27T11:22:37+00:00\"\/>\n","<!-- og:image:1 --><meta property=\"og:image\" content=\"https:\/\/wogenextreme.eu\/wp-content\/uploads\/2025\/06\/01-kopya-9-1200x628-cropped.jpg\"\/>\n","<!-- og:image:1 --><meta property=\"og:image:width\" content=\"1200\"\/>\n","<!-- og:image:1 --><meta property=\"og:image:height\" content=\"628\"\/>\n","<meta property=\"article:published_time\" content=\"2025-06-12T14:23:46+00:00\"\/>\n","<meta property=\"article:modified_time\" content=\"2025-07-27T11:22:37+00:00\"\/>\n","<meta name=\"twitter:domain\" content=\"wogenextreme.eu\"\/>\n","<meta name=\"twitter:title\" content=\"Valixhe  &ndash; Wogen Extreme - Europe\"\/>\n","<meta name=\"twitter:description\" content=\"Valixhet Wogen Extreme kan&euml; disa p&euml;rpar&euml;si. Cil&euml;si e lart&euml;, p&euml;rdorim universal dhe &ccedil;mim i ul&euml;t. B&euml;huni tregtari yn&euml; B2B n&euml; Evrop&euml;.\"\/>\n","<meta name=\"twitter:card\" content=\"summary_large_image\"\/>\n","<meta name=\"twitter:image\" content=\"https:\/\/wogenextreme.eu\/wp-content\/uploads\/2025\/06\/01-kopya-9-1200x628-cropped.jpg?p=1846\"\/>\n","<meta name=\"twitter:label1\" content=\"Written by\"\/>\n","<meta name=\"twitter:data1\" content=\"WogenExtreme\"\/>\n","<meta name=\"twitter:label2\" content=\"Est. reading time\"\/>\n","<meta name=\"twitter:data2\" content=\"1 minute\"\/>\n","<meta name=\"author\" content=\"WogenExtreme\"\/>\n","<meta name=\"thumbnail\" content=\"https:\/\/wogenextreme.eu\/wp-content\/uploads\/2025\/06\/01-kopya-9-1200x628-cropped.jpg\"\/>\n","<script type=\"application\/ld+json\" id=\"wpsso-schema-graph\">{\n    \"@context\": \"https:\/\/schema.org\",\n    \"@graph\": [\n        {\n            \"@id\": \"\/valixhe\/#sso\/article\/1846\",\n            \"@context\": \"https:\/\/schema.org\",\n            \"@type\": \"Article\",\n            \"mainEntityOfPage\": \"https:\/\/wogenextreme.eu\/sq\/valixhe\/\",\n            \"url\": \"https:\/\/wogenextreme.eu\/sq\/valixhe\/\",\n            \"sameAs\": [\n                \"https:\/\/wogenextreme.eu\/sq\/?p=1846\"\n            ],\n            \"name\": \"Valixhe  &ndash; Wogen Extreme - Europe\",\n            \"description\": \"Valixhet Wogen Extreme kan&euml; disa p&euml;rpar&euml;si. Cil&euml;si e lart&euml;, p&euml;rdorim universal dhe &ccedil;mim i ul&euml;t. B&euml;huni tregtari yn&euml; B2B n&euml; Evrop&euml;.\",\n            \"publisher\": [\n                {\n                    \"@id\": \"\/#sso\/organization\/site\/org-banner-url\"\n                }\n            ],\n            \"headline\": \"Valixhe  &ndash; Wogen Extreme - Europe\",\n            \"inLanguage\": \"sq_AL\",\n            \"datePublished\": \"2025-06-12T14:23:46+00:00\",\n            \"dateModified\": \"2025-07-27T11:22:37+00:00\",\n            \"author\": {\n                \"@id\": \"\/98089e0b1420fac571d62fdca0884f26#sso\/person\"\n            },\n            \"thumbnailUrl\": \"https:\/\/wogenextreme.eu\/wp-content\/uploads\/2025\/06\/01-kopya-9-1200x628-cropped.jpg\",\n            \"image\": [\n                {\n                    \"@id\": \"https:\/\/wogenextreme.eu\/wp-content\/uploads\/2025\/06\/01-kopya-9-1200x1200-cropped.jpg#sso\/image-object\"\n                },\n                {\n                    \"@id\": \"https:\/\/wogenextreme.eu\/wp-content\/uploads\/2025\/06\/01-kopya-9-1200x900-cropped.jpg#sso\/image-object\"\n                },\n                {\n                    \"@id\": \"https:\/\/wogenextreme.eu\/wp-content\/uploads\/2025\/06\/01-kopya-9-1200x675-cropped.jpg#sso\/image-object\"\n                },\n                {\n                    \"@id\": \"https:\/\/wogenextreme.eu\/wp-content\/uploads\/2025\/06\/01-kopya-9-1200x628-cropped.jpg#sso\/image-object\"\n                }\n            ],\n            \"timeRequired\": \"PT1M\"\n        },\n        {\n            \"@id\": \"\/#sso\/organization\/site\/org-banner-url\",\n            \"@context\": \"https:\/\/schema.org\",\n            \"@type\": \"Organization\",\n            \"url\": \"https:\/\/wogenextreme.eu\/sq\/\",\n            \"name\": \"Wogen Extreme - Europe\",\n            \"description\": \"Quality motorcycle equipment\",\n            \"image\": [\n                {\n                    \"@id\": \"https:\/\/wogenextreme.eu\/wp-content\/uploads\/2025\/03\/Original.png#sso\/image-object\"\n                }\n            ]\n        },\n        {\n            \"@id\": \"https:\/\/wogenextreme.eu\/wp-content\/uploads\/2025\/03\/Original.png#sso\/image-object\",\n            \"@context\": \"https:\/\/schema.org\",\n            \"@type\": \"ImageObject\",\n            \"url\": \"https:\/\/wogenextreme.eu\/wp-content\/uploads\/2025\/03\/Original.png\",\n            \"width\": [\n                {\n                    \"@id\": \"#sso\/qv-width-px-2560\"\n                }\n            ],\n            \"height\": [\n                {\n                    \"@id\": \"#sso\/qv-height-px-2560\"\n                }\n            ]\n        },\n        {\n            \"@id\": \"#sso\/qv-width-px-2560\",\n            \"@context\": \"https:\/\/schema.org\",\n            \"@type\": \"QuantitativeValue\",\n            \"name\": \"Width\",\n            \"unitText\": \"px\",\n            \"unitCode\": \"E37\",\n            \"value\": \"2560\"\n        },\n        {\n            \"@id\": \"#sso\/qv-height-px-2560\",\n            \"@context\": \"https:\/\/schema.org\",\n            \"@type\": \"QuantitativeValue\",\n            \"name\": \"Height\",\n            \"unitText\": \"px\",\n            \"unitCode\": \"E37\",\n            \"value\": \"2560\"\n        },\n        {\n            \"@id\": \"\/98089e0b1420fac571d62fdca0884f26#sso\/person\",\n            \"@context\": \"https:\/\/schema.org\",\n            \"@type\": \"Person\",\n            \"url\": \"https:\/\/wogenextreme.eu\",\n            \"name\": \"WogenExtreme\",\n            \"description\": \"Author archive page for WogenExtreme.\",\n            \"image\": [\n                {\n                    \"@id\": \"https:\/\/wogenextreme.eu\/wp-content\/uploads\/2025\/03\/Original-1200x1200-cropped.png#sso\/image-object\"\n                },\n                {\n                    \"@id\": \"https:\/\/wogenextreme.eu\/wp-content\/uploads\/2025\/03\/Original-1200x900-cropped.png#sso\/image-object\"\n                },\n                {\n                    \"@id\": \"https:\/\/wogenextreme.eu\/wp-content\/uploads\/2025\/03\/Original-1200x675-cropped.png#sso\/image-object\"\n                },\n                {\n                    \"@id\": \"https:\/\/wogenextreme.eu\/wp-content\/uploads\/2025\/03\/Original-1200x628-cropped.png#sso\/image-object\"\n                }\n            ]\n        },\n        {\n            \"@id\": \"https:\/\/wogenextreme.eu\/wp-content\/uploads\/2025\/03\/Original-1200x1200-cropped.png#sso\/image-object\",\n            \"@context\": \"https:\/\/schema.org\",\n            \"@type\": \"ImageObject\",\n            \"url\": \"https:\/\/wogenextreme.eu\/wp-content\/uploads\/2025\/03\/Original-1200x1200-cropped.png\",\n            \"identifier\": \"8-wpsso-schema-1x1\",\n            \"name\": \"Wogen Extreme  &ndash; Wogen Extreme - Europe\",\n            \"description\": \"No description.\",\n            \"encodingFormat\": \"image\/png\",\n            \"uploadDate\": \"2025-03-21T11:19:35+00:00\",\n            \"width\": [\n                {\n                    \"@id\": \"#sso\/qv-width-px-1200\"\n                }\n            ],\n            \"height\": [\n                {\n                    \"@id\": \"#sso\/qv-height-px-1200\"\n                }\n            ]\n        },\n        {\n            \"@id\": \"#sso\/qv-width-px-1200\",\n            \"@context\": \"https:\/\/schema.org\",\n            \"@type\": \"QuantitativeValue\",\n            \"name\": \"Width\",\n            \"unitText\": \"px\",\n            \"unitCode\": \"E37\",\n            \"value\": \"1200\"\n        },\n        {\n            \"@id\": \"#sso\/qv-height-px-1200\",\n            \"@context\": \"https:\/\/schema.org\",\n            \"@type\": \"QuantitativeValue\",\n            \"name\": \"Height\",\n            \"unitText\": \"px\",\n            \"unitCode\": \"E37\",\n            \"value\": \"1200\"\n        },\n        {\n            \"@id\": \"https:\/\/wogenextreme.eu\/wp-content\/uploads\/2025\/03\/Original-1200x900-cropped.png#sso\/image-object\",\n            \"@context\": \"https:\/\/schema.org\",\n            \"@type\": \"ImageObject\",\n            \"url\": \"https:\/\/wogenextreme.eu\/wp-content\/uploads\/2025\/03\/Original-1200x900-cropped.png\",\n            \"identifier\": \"8-wpsso-schema-4x3\",\n            \"name\": \"Wogen Extreme  &ndash; Wogen Extreme - Europe\",\n            \"description\": \"No description.\",\n            \"encodingFormat\": \"image\/png\",\n            \"uploadDate\": \"2025-03-21T11:19:35+00:00\",\n            \"width\": [\n                {\n                    \"@id\": \"#sso\/qv-width-px-1200\"\n                }\n            ],\n            \"height\": [\n                {\n                    \"@id\": \"#sso\/qv-height-px-900\"\n                }\n            ]\n        },\n        {\n            \"@id\": \"#sso\/qv-height-px-900\",\n            \"@context\": \"https:\/\/schema.org\",\n            \"@type\": \"QuantitativeValue\",\n            \"name\": \"Height\",\n            \"unitText\": \"px\",\n            \"unitCode\": \"E37\",\n            \"value\": \"900\"\n        },\n        {\n            \"@id\": \"https:\/\/wogenextreme.eu\/wp-content\/uploads\/2025\/03\/Original-1200x675-cropped.png#sso\/image-object\",\n            \"@context\": \"https:\/\/schema.org\",\n            \"@type\": \"ImageObject\",\n            \"url\": \"https:\/\/wogenextreme.eu\/wp-content\/uploads\/2025\/03\/Original-1200x675-cropped.png\",\n            \"identifier\": \"8-wpsso-schema-16x9\",\n            \"name\": \"Wogen Extreme  &ndash; Wogen Extreme - Europe\",\n            \"description\": \"No description.\",\n            \"encodingFormat\": \"image\/png\",\n            \"uploadDate\": \"2025-03-21T11:19:35+00:00\",\n            \"width\": [\n                {\n                    \"@id\": \"#sso\/qv-width-px-1200\"\n                }\n            ],\n            \"height\": [\n                {\n                    \"@id\": \"#sso\/qv-height-px-675\"\n                }\n            ]\n        },\n        {\n            \"@id\": \"#sso\/qv-height-px-675\",\n            \"@context\": \"https:\/\/schema.org\",\n            \"@type\": \"QuantitativeValue\",\n            \"name\": \"Height\",\n            \"unitText\": \"px\",\n            \"unitCode\": \"E37\",\n            \"value\": \"675\"\n        },\n        {\n            \"@id\": \"https:\/\/wogenextreme.eu\/wp-content\/uploads\/2025\/03\/Original-1200x628-cropped.png#sso\/image-object\",\n            \"@context\": \"https:\/\/schema.org\",\n            \"@type\": \"ImageObject\",\n            \"url\": \"https:\/\/wogenextreme.eu\/wp-content\/uploads\/2025\/03\/Original-1200x628-cropped.png\",\n            \"identifier\": \"8-wpsso-thumbnail\",\n            \"name\": \"Wogen Extreme  &ndash; Wogen Extreme - Europe\",\n            \"description\": \"No description.\",\n            \"encodingFormat\": \"image\/png\",\n            \"uploadDate\": \"2025-03-21T11:19:35+00:00\",\n            \"width\": [\n                {\n                    \"@id\": \"#sso\/qv-width-px-1200\"\n                }\n            ],\n            \"height\": [\n                {\n                    \"@id\": \"#sso\/qv-height-px-628\"\n                }\n            ]\n        },\n        {\n            \"@id\": \"#sso\/qv-height-px-628\",\n            \"@context\": \"https:\/\/schema.org\",\n            \"@type\": \"QuantitativeValue\",\n            \"name\": \"Height\",\n            \"unitText\": \"px\",\n            \"unitCode\": \"E37\",\n            \"value\": \"628\"\n        },\n        {\n            \"@id\": \"https:\/\/wogenextreme.eu\/wp-content\/uploads\/2025\/06\/01-kopya-9-1200x1200-cropped.jpg#sso\/image-object\",\n            \"@context\": \"https:\/\/schema.org\",\n            \"@type\": \"ImageObject\",\n            \"url\": \"https:\/\/wogenextreme.eu\/wp-content\/uploads\/2025\/06\/01-kopya-9-1200x1200-cropped.jpg\",\n            \"identifier\": \"1220-wpsso-schema-1x1\",\n            \"name\": \"01 kopya  &ndash; Wogen Extreme - Europe\",\n            \"caption\": \"Standard 52 liter\",\n            \"description\": \"Standard 52 liter\",\n            \"encodingFormat\": \"image\/jpeg\",\n            \"uploadDate\": \"2025-06-12T08:57:59+00:00\",\n            \"width\": [\n                {\n                    \"@id\": \"#sso\/qv-width-px-1200\"\n                }\n            ],\n            \"height\": [\n                {\n                    \"@id\": \"#sso\/qv-height-px-1200\"\n                }\n            ]\n        },\n        {\n            \"@id\": \"https:\/\/wogenextreme.eu\/wp-content\/uploads\/2025\/06\/01-kopya-9-1200x900-cropped.jpg#sso\/image-object\",\n            \"@context\": \"https:\/\/schema.org\",\n            \"@type\": \"ImageObject\",\n            \"url\": \"https:\/\/wogenextreme.eu\/wp-content\/uploads\/2025\/06\/01-kopya-9-1200x900-cropped.jpg\",\n            \"identifier\": \"1220-wpsso-schema-4x3\",\n            \"name\": \"01 kopya  &ndash; Wogen Extreme - Europe\",\n            \"caption\": \"Standard 52 liter\",\n            \"description\": \"Standard 52 liter\",\n            \"encodingFormat\": \"image\/jpeg\",\n            \"uploadDate\": \"2025-06-12T08:57:59+00:00\",\n            \"width\": [\n                {\n                    \"@id\": \"#sso\/qv-width-px-1200\"\n                }\n            ],\n            \"height\": [\n                {\n                    \"@id\": \"#sso\/qv-height-px-900\"\n                }\n            ]\n        },\n        {\n            \"@id\": \"https:\/\/wogenextreme.eu\/wp-content\/uploads\/2025\/06\/01-kopya-9-1200x675-cropped.jpg#sso\/image-object\",\n            \"@context\": \"https:\/\/schema.org\",\n            \"@type\": \"ImageObject\",\n            \"url\": \"https:\/\/wogenextreme.eu\/wp-content\/uploads\/2025\/06\/01-kopya-9-1200x675-cropped.jpg\",\n            \"identifier\": \"1220-wpsso-schema-16x9\",\n            \"name\": \"01 kopya  &ndash; Wogen Extreme - Europe\",\n            \"caption\": \"Standard 52 liter\",\n            \"description\": \"Standard 52 liter\",\n            \"encodingFormat\": \"image\/jpeg\",\n            \"uploadDate\": \"2025-06-12T08:57:59+00:00\",\n            \"width\": [\n                {\n                    \"@id\": \"#sso\/qv-width-px-1200\"\n                }\n            ],\n            \"height\": [\n                {\n                    \"@id\": \"#sso\/qv-height-px-675\"\n                }\n            ]\n        },\n        {\n            \"@id\": \"https:\/\/wogenextreme.eu\/wp-content\/uploads\/2025\/06\/01-kopya-9-1200x628-cropped.jpg#sso\/image-object\",\n            \"@context\": \"https:\/\/schema.org\",\n            \"@type\": \"ImageObject\",\n            \"url\": \"https:\/\/wogenextreme.eu\/wp-content\/uploads\/2025\/06\/01-kopya-9-1200x628-cropped.jpg\",\n            \"identifier\": \"1220-wpsso-thumbnail\",\n            \"name\": \"01 kopya  &ndash; Wogen Extreme - Europe\",\n            \"caption\": \"Standard 52 liter\",\n            \"description\": \"Standard 52 liter\",\n            \"encodingFormat\": \"image\/jpeg\",\n            \"uploadDate\": \"2025-06-12T08:57:59+00:00\",\n            \"width\": [\n                {\n                    \"@id\": \"#sso\/qv-width-px-1200\"\n                }\n            ],\n            \"height\": [\n                {\n                    \"@id\": \"#sso\/qv-height-px-628\"\n                }\n            ]\n        },\n        {\n            \"@id\": \"\/valixhe\/#sso\/breadcrumb-list\/1846\",\n            \"@context\": \"https:\/\/schema.org\",\n            \"@type\": \"BreadcrumbList\",\n            \"url\": \"https:\/\/wogenextreme.eu\/sq\/valixhe\/\",\n            \"itemListElement\": [\n                {\n                    \"@context\": \"https:\/\/schema.org\",\n                    \"@type\": \"ListItem\",\n                    \"position\": 1,\n                    \"name\": \"Hello riders\",\n                    \"item\": \"https:\/\/wogenextreme.eu\/sq\/\"\n                },\n                {\n                    \"@context\": \"https:\/\/schema.org\",\n                    \"@type\": \"ListItem\",\n                    \"position\": 2,\n                    \"name\": \"Hello riders\",\n                    \"item\": \"https:\/\/wogenextreme.eu\/\"\n                },\n                {\n                    \"@context\": \"https:\/\/schema.org\",\n                    \"@type\": \"ListItem\",\n                    \"position\": 3,\n                    \"name\": \"Valixhe   Wogen Extreme - Europe\",\n                    \"item\": \"https:\/\/wogenextreme.eu\/sq\/valixhe\/\"\n                }\n            ]\n        }\n    ]\n}<\/script>\n","<meta name=\"wpsso-end\" content=\"wpsso structured data end\"\/>\n","<meta name=\"wpsso-cached\" content=\"2026-04-29T03:38:46+00:00 for wogenextreme.eu\"\/>\n"],"json":[{"@context":"https:\/\/schema.org","@graph":[{"@id":"\/valixhe\/#sso\/article\/1846","@context":"https:\/\/schema.org","@type":"Article","mainEntityOfPage":"https:\/\/wogenextreme.eu\/sq\/valixhe\/","url":"https:\/\/wogenextreme.eu\/sq\/valixhe\/","sameAs":["https:\/\/wogenextreme.eu\/sq\/?p=1846"],"name":"Valixhe  &ndash; Wogen Extreme - Europe","description":"Valixhet Wogen Extreme kan&euml; disa p&euml;rpar&euml;si. Cil&euml;si e lart&euml;, p&euml;rdorim universal dhe &ccedil;mim i ul&euml;t. B&euml;huni tregtari yn&euml; B2B n&euml; Evrop&euml;.","publisher":[{"@id":"\/#sso\/organization\/site\/org-banner-url"}],"headline":"Valixhe  &ndash; Wogen Extreme - Europe","inLanguage":"sq_AL","datePublished":"2025-06-12T14:23:46+00:00","dateModified":"2025-07-27T11:22:37+00:00","author":{"@id":"\/98089e0b1420fac571d62fdca0884f26#sso\/person"},"thumbnailUrl":"https:\/\/wogenextreme.eu\/wp-content\/uploads\/2025\/06\/01-kopya-9-1200x628-cropped.jpg","image":[{"@id":"https:\/\/wogenextreme.eu\/wp-content\/uploads\/2025\/06\/01-kopya-9-1200x1200-cropped.jpg#sso\/image-object"},{"@id":"https:\/\/wogenextreme.eu\/wp-content\/uploads\/2025\/06\/01-kopya-9-1200x900-cropped.jpg#sso\/image-object"},{"@id":"https:\/\/wogenextreme.eu\/wp-content\/uploads\/2025\/06\/01-kopya-9-1200x675-cropped.jpg#sso\/image-object"},{"@id":"https:\/\/wogenextreme.eu\/wp-content\/uploads\/2025\/06\/01-kopya-9-1200x628-cropped.jpg#sso\/image-object"}],"timeRequired":"PT1M"},{"@id":"\/#sso\/organization\/site\/org-banner-url","@context":"https:\/\/schema.org","@type":"Organization","url":"https:\/\/wogenextreme.eu\/sq\/","name":"Wogen Extreme - Europe","description":"Quality motorcycle equipment","image":[{"@id":"https:\/\/wogenextreme.eu\/wp-content\/uploads\/2025\/03\/Original.png#sso\/image-object"}]},{"@id":"https:\/\/wogenextreme.eu\/wp-content\/uploads\/2025\/03\/Original.png#sso\/image-object","@context":"https:\/\/schema.org","@type":"ImageObject","url":"https:\/\/wogenextreme.eu\/wp-content\/uploads\/2025\/03\/Original.png","width":[{"@id":"#sso\/qv-width-px-2560"}],"height":[{"@id":"#sso\/qv-height-px-2560"}]},{"@id":"#sso\/qv-width-px-2560","@context":"https:\/\/schema.org","@type":"QuantitativeValue","name":"Width","unitText":"px","unitCode":"E37","value":"2560"},{"@id":"#sso\/qv-height-px-2560","@context":"https:\/\/schema.org","@type":"QuantitativeValue","name":"Height","unitText":"px","unitCode":"E37","value":"2560"},{"@id":"\/98089e0b1420fac571d62fdca0884f26#sso\/person","@context":"https:\/\/schema.org","@type":"Person","url":"https:\/\/wogenextreme.eu","name":"WogenExtreme","description":"Author archive page for WogenExtreme.","image":[{"@id":"https:\/\/wogenextreme.eu\/wp-content\/uploads\/2025\/03\/Original-1200x1200-cropped.png#sso\/image-object"},{"@id":"https:\/\/wogenextreme.eu\/wp-content\/uploads\/2025\/03\/Original-1200x900-cropped.png#sso\/image-object"},{"@id":"https:\/\/wogenextreme.eu\/wp-content\/uploads\/2025\/03\/Original-1200x675-cropped.png#sso\/image-object"},{"@id":"https:\/\/wogenextreme.eu\/wp-content\/uploads\/2025\/03\/Original-1200x628-cropped.png#sso\/image-object"}]},{"@id":"https:\/\/wogenextreme.eu\/wp-content\/uploads\/2025\/03\/Original-1200x1200-cropped.png#sso\/image-object","@context":"https:\/\/schema.org","@type":"ImageObject","url":"https:\/\/wogenextreme.eu\/wp-content\/uploads\/2025\/03\/Original-1200x1200-cropped.png","identifier":"8-wpsso-schema-1x1","name":"Wogen Extreme  &ndash; Wogen Extreme - Europe","description":"No description.","encodingFormat":"image\/png","uploadDate":"2025-03-21T11:19:35+00:00","width":[{"@id":"#sso\/qv-width-px-1200"}],"height":[{"@id":"#sso\/qv-height-px-1200"}]},{"@id":"#sso\/qv-width-px-1200","@context":"https:\/\/schema.org","@type":"QuantitativeValue","name":"Width","unitText":"px","unitCode":"E37","value":"1200"},{"@id":"#sso\/qv-height-px-1200","@context":"https:\/\/schema.org","@type":"QuantitativeValue","name":"Height","unitText":"px","unitCode":"E37","value":"1200"},{"@id":"https:\/\/wogenextreme.eu\/wp-content\/uploads\/2025\/03\/Original-1200x900-cropped.png#sso\/image-object","@context":"https:\/\/schema.org","@type":"ImageObject","url":"https:\/\/wogenextreme.eu\/wp-content\/uploads\/2025\/03\/Original-1200x900-cropped.png","identifier":"8-wpsso-schema-4x3","name":"Wogen Extreme  &ndash; Wogen Extreme - Europe","description":"No description.","encodingFormat":"image\/png","uploadDate":"2025-03-21T11:19:35+00:00","width":[{"@id":"#sso\/qv-width-px-1200"}],"height":[{"@id":"#sso\/qv-height-px-900"}]},{"@id":"#sso\/qv-height-px-900","@context":"https:\/\/schema.org","@type":"QuantitativeValue","name":"Height","unitText":"px","unitCode":"E37","value":"900"},{"@id":"https:\/\/wogenextreme.eu\/wp-content\/uploads\/2025\/03\/Original-1200x675-cropped.png#sso\/image-object","@context":"https:\/\/schema.org","@type":"ImageObject","url":"https:\/\/wogenextreme.eu\/wp-content\/uploads\/2025\/03\/Original-1200x675-cropped.png","identifier":"8-wpsso-schema-16x9","name":"Wogen Extreme  &ndash; Wogen Extreme - Europe","description":"No description.","encodingFormat":"image\/png","uploadDate":"2025-03-21T11:19:35+00:00","width":[{"@id":"#sso\/qv-width-px-1200"}],"height":[{"@id":"#sso\/qv-height-px-675"}]},{"@id":"#sso\/qv-height-px-675","@context":"https:\/\/schema.org","@type":"QuantitativeValue","name":"Height","unitText":"px","unitCode":"E37","value":"675"},{"@id":"https:\/\/wogenextreme.eu\/wp-content\/uploads\/2025\/03\/Original-1200x628-cropped.png#sso\/image-object","@context":"https:\/\/schema.org","@type":"ImageObject","url":"https:\/\/wogenextreme.eu\/wp-content\/uploads\/2025\/03\/Original-1200x628-cropped.png","identifier":"8-wpsso-thumbnail","name":"Wogen Extreme  &ndash; Wogen Extreme - Europe","description":"No description.","encodingFormat":"image\/png","uploadDate":"2025-03-21T11:19:35+00:00","width":[{"@id":"#sso\/qv-width-px-1200"}],"height":[{"@id":"#sso\/qv-height-px-628"}]},{"@id":"#sso\/qv-height-px-628","@context":"https:\/\/schema.org","@type":"QuantitativeValue","name":"Height","unitText":"px","unitCode":"E37","value":"628"},{"@id":"https:\/\/wogenextreme.eu\/wp-content\/uploads\/2025\/06\/01-kopya-9-1200x1200-cropped.jpg#sso\/image-object","@context":"https:\/\/schema.org","@type":"ImageObject","url":"https:\/\/wogenextreme.eu\/wp-content\/uploads\/2025\/06\/01-kopya-9-1200x1200-cropped.jpg","identifier":"1220-wpsso-schema-1x1","name":"01 kopya  &ndash; Wogen Extreme - Europe","caption":"Standard 52 liter","description":"Standard 52 liter","encodingFormat":"image\/jpeg","uploadDate":"2025-06-12T08:57:59+00:00","width":[{"@id":"#sso\/qv-width-px-1200"}],"height":[{"@id":"#sso\/qv-height-px-1200"}]},{"@id":"https:\/\/wogenextreme.eu\/wp-content\/uploads\/2025\/06\/01-kopya-9-1200x900-cropped.jpg#sso\/image-object","@context":"https:\/\/schema.org","@type":"ImageObject","url":"https:\/\/wogenextreme.eu\/wp-content\/uploads\/2025\/06\/01-kopya-9-1200x900-cropped.jpg","identifier":"1220-wpsso-schema-4x3","name":"01 kopya  &ndash; Wogen Extreme - Europe","caption":"Standard 52 liter","description":"Standard 52 liter","encodingFormat":"image\/jpeg","uploadDate":"2025-06-12T08:57:59+00:00","width":[{"@id":"#sso\/qv-width-px-1200"}],"height":[{"@id":"#sso\/qv-height-px-900"}]},{"@id":"https:\/\/wogenextreme.eu\/wp-content\/uploads\/2025\/06\/01-kopya-9-1200x675-cropped.jpg#sso\/image-object","@context":"https:\/\/schema.org","@type":"ImageObject","url":"https:\/\/wogenextreme.eu\/wp-content\/uploads\/2025\/06\/01-kopya-9-1200x675-cropped.jpg","identifier":"1220-wpsso-schema-16x9","name":"01 kopya  &ndash; Wogen Extreme - Europe","caption":"Standard 52 liter","description":"Standard 52 liter","encodingFormat":"image\/jpeg","uploadDate":"2025-06-12T08:57:59+00:00","width":[{"@id":"#sso\/qv-width-px-1200"}],"height":[{"@id":"#sso\/qv-height-px-675"}]},{"@id":"https:\/\/wogenextreme.eu\/wp-content\/uploads\/2025\/06\/01-kopya-9-1200x628-cropped.jpg#sso\/image-object","@context":"https:\/\/schema.org","@type":"ImageObject","url":"https:\/\/wogenextreme.eu\/wp-content\/uploads\/2025\/06\/01-kopya-9-1200x628-cropped.jpg","identifier":"1220-wpsso-thumbnail","name":"01 kopya  &ndash; Wogen Extreme - Europe","caption":"Standard 52 liter","description":"Standard 52 liter","encodingFormat":"image\/jpeg","uploadDate":"2025-06-12T08:57:59+00:00","width":[{"@id":"#sso\/qv-width-px-1200"}],"height":[{"@id":"#sso\/qv-height-px-628"}]},{"@id":"\/valixhe\/#sso\/breadcrumb-list\/1846","@context":"https:\/\/schema.org","@type":"BreadcrumbList","url":"https:\/\/wogenextreme.eu\/sq\/valixhe\/","itemListElement":[{"@context":"https:\/\/schema.org","@type":"ListItem","position":1,"name":"Hello riders","item":"https:\/\/wogenextreme.eu\/sq\/"},{"@context":"https:\/\/schema.org","@type":"ListItem","position":2,"name":"Hello riders","item":"https:\/\/wogenextreme.eu\/"},{"@context":"https:\/\/schema.org","@type":"ListItem","position":3,"name":"Valixhe   Wogen Extreme - Europe","item":"https:\/\/wogenextreme.eu\/sq\/valixhe\/"}]}]}],"parts":[["meta","name","generator","content","WPSSO Core 21.13.3\/S","generator:1"],["meta","name","generator","content","WPSSO AFS 2.2.0\/S","generator:2"],["meta","name","generator","content","WPSSO RAR 3.3.0\/S","generator:3"],["meta","name","generator","content","WPSSO REST 3.3.0\/S","generator:4"],["meta","name","generator","content","WPSSO RRSSB 11.7.0\/S","generator:5"],["meta","name","generator","content","WPSSO BC 5.5.0\/S","generator:6"],["meta","name","generator","content","WPSSO FAQ 7.1.0\/S","generator:7"],["meta","name","generator","content","WPSSO SSC 2.1.0\/S","generator:8"],["meta","name","generator","content","WPSSO SSM 3.4.0\/S","generator:9"],["meta","name","generator","content","WPSSO TIE 4.1.0\/S","generator:10"],["meta","name","generator","content","WPSSO UM 7.3.0\/S","generator:11"],["meta","name","generator","content","WPSSO UL 4.3.0\/S","generator:12"],["meta","name","generator","content","WPSSO WPSM 8.4.0\/S","generator:13"],["link","rel","shortlink","href","https:\/\/wogenextreme.eu\/sq\/?p=1846",""],["meta","property","fb:app_id","content","966242223397117",""],["meta","property","og:time","content","2026-04-29T03:38:46+00:00",""],["meta","property","og:type","content","article",""],["meta","property","og:url","content","https:\/\/wogenextreme.eu\/sq\/valixhe\/",""],["meta","property","og:locale","content","sq_AL",""],["meta","property","og:site_name","content","Wogen Extreme - Europe",""],["meta","property","og:title","content","Valixhe  &ndash; Wogen Extreme - Europe",""],["meta","property","og:description","content","Valixhet Wogen Extreme kan&euml; disa p&euml;rpar&euml;si. Cil&euml;si e lart&euml;, p&euml;rdorim universal dhe &ccedil;mim i ul&euml;t. B&euml;huni tregtari yn&euml; B2B n&euml; Evrop&euml;.",""],["meta","property","og:updated_time","content","2025-07-27T11:22:37+00:00",""],["meta","property","og:image:secure_url","content","https:\/\/wogenextreme.eu\/wp-content\/uploads\/2025\/06\/01-kopya-9-1200x628-cropped.jpg","og:image:1"],["meta","property","og:image:url","content","https:\/\/wogenextreme.eu\/wp-content\/uploads\/2025\/06\/01-kopya-9-1200x628-cropped.jpg","og:image:1"],["meta","property","og:image","content","https:\/\/wogenextreme.eu\/wp-content\/uploads\/2025\/06\/01-kopya-9-1200x628-cropped.jpg","og:image:1"],["meta","property","og:image:width","content","1200","og:image:1"],["meta","property","og:image:height","content","628","og:image:1"],["meta","property","og:image:cropped","content","true","og:image:1"],["meta","property","og:image:id","content","1220","og:image:1"],["meta","property","og:image:size_name","content","wpsso-opengraph","og:image:1"],["meta","name","schema:language","content","sq_AL",""],["meta","name","schema:type:id","content","article",""],["meta","name","schema:type:url","content","https:\/\/schema.org\/Article",""],["meta","name","schema:type:context","content","https:\/\/schema.org",""],["meta","name","schema:type:name","content","Article",""],["meta","name","schema:type:path","content","schema.org\/Article",""],["meta","property","article:author:name","content","WogenExtreme",""],["meta","property","article:published_time","content","2025-06-12T14:23:46+00:00",""],["meta","property","article:modified_time","content","2025-07-27T11:22:37+00:00",""],["meta","property","article:reading_mins","content","1",""],["meta","name","twitter:domain","content","wogenextreme.eu",""],["meta","name","twitter:title","content","Valixhe  &ndash; Wogen Extreme - Europe",""],["meta","name","twitter:description","content","Valixhet Wogen Extreme kan&euml; disa p&euml;rpar&euml;si. Cil&euml;si e lart&euml;, p&euml;rdorim universal dhe &ccedil;mim i ul&euml;t. B&euml;huni tregtari yn&euml; B2B n&euml; Evrop&euml;.",""],["meta","name","twitter:card","content","summary_large_image",""],["meta","name","twitter:image","content","https:\/\/wogenextreme.eu\/wp-content\/uploads\/2025\/06\/01-kopya-9-1200x628-cropped.jpg?p=1846",""],["meta","name","twitter:label1","content","Written by",""],["meta","name","twitter:data1","content","WogenExtreme",""],["meta","name","twitter:label2","content","Est. reading time",""],["meta","name","twitter:data2","content","1 minute",""],["meta","name","author","content","WogenExtreme",""],["meta","name","thumbnail","content","https:\/\/wogenextreme.eu\/wp-content\/uploads\/2025\/06\/01-kopya-9-1200x628-cropped.jpg",""]]},"_links":{"self":[{"href":"https:\/\/wogenextreme.eu\/sq\/wp-json\/wp\/v2\/pages\/1846","targetHints":{"allow":["GET"]}}],"collection":[{"href":"https:\/\/wogenextreme.eu\/sq\/wp-json\/wp\/v2\/pages"}],"about":[{"href":"https:\/\/wogenextreme.eu\/sq\/wp-json\/wp\/v2\/types\/page"}],"author":[{"embeddable":true,"href":"https:\/\/wogenextreme.eu\/sq\/wp-json\/wp\/v2\/users\/1"}],"replies":[{"embeddable":true,"href":"https:\/\/wogenextreme.eu\/sq\/wp-json\/wp\/v2\/comments?post=1846"}],"version-history":[{"count":1,"href":"https:\/\/wogenextreme.eu\/sq\/wp-json\/wp\/v2\/pages\/1846\/revisions"}],"predecessor-version":[{"id":1958,"href":"https:\/\/wogenextreme.eu\/sq\/wp-json\/wp\/v2\/pages\/1846\/revisions\/1958"}],"wp:featuredmedia":[{"embeddable":true,"href":"https:\/\/wogenextreme.eu\/sq\/wp-json\/wp\/v2\/media\/1220"}],"wp:attachment":[{"href":"https:\/\/wogenextreme.eu\/sq\/wp-json\/wp\/v2\/media?parent=1846"}],"curies":[{"name":"wp","href":"https:\/\/api.w.org\/{rel}","templated":true}]}}